{"id":11593,"date":"2022-03-07T17:01:13","date_gmt":"2022-03-07T16:01:13","guid":{"rendered":"https:\/\/maxeville.fr\/?page_id=11593"},"modified":"2022-03-07T17:01:13","modified_gmt":"2022-03-07T16:01:13","slug":"elles-font-maxeville-4","status":"publish","type":"page","link":"https:\/\/maxeville.fr\/index.php\/elles-font-maxeville-4\/","title":{"rendered":"Elles font Max\u00e9ville&#8230; #4"},"content":{"rendered":"\n<h2 class=\"wp-block-heading\">Nathalie Spak &#8211; Assistante maternelle<\/h2>\n\n\n\n<p><em>Entretien men\u00e9 par Flora Vincent, le 21 f\u00e9vrier 2022 au domicile de Madame Spak.<\/em><\/p>\n\n\n\n<p><strong>1. Pouvez-vous d\u00e9crire votre travail\u00a0? (Ses atouts, difficult\u00e9s, repr\u00e9sentations dans la soci\u00e9t\u00e9 actuelle avec notamment les st\u00e9r\u00e9otypes et pr\u00e9jug\u00e9s ?)<\/strong><\/p>\n\n\n\n<p>C\u2019est un m\u00e9tier que je fais avec passion, c\u2019est un m\u00e9tier qu\u2019il faut faire avec passion. Il faut aimer s\u2019occuper des enfants, il faut aimer leur apporter quelque chose, il faut aimer prendre soin d\u2019eux.<\/p>\n\n\n\n<p>Ce n\u2019est pas un m\u00e9tier qu\u2019on fait pour rester tranquillement \u00e0 la maison ou par d\u00e9pit parce qu\u2019on ne trouve pas d\u2019autre travail. C\u2019est vraiment quelque-chose qu\u2019il faut faire avec passion, avec envie, avec amour surtout.<\/p>\n\n\n\n<p>Les difficult\u00e9s c\u2019est surtout de trouver de nouveaux contrats, de plaire aux parents car quand les parents viennent chez vous, ils ont une id\u00e9e bien pr\u00e9cise de la personne qu\u2019ils recherchent.<\/p>\n\n\n\n<p>Les difficult\u00e9s c\u2019est aussi d\u2019\u00eatre quand m\u00eame seule \u00e0 la maison, de tout g\u00e9rer. Apr\u00e8s nous, \u00e0 Max\u00e9ville on est quand m\u00eame bien, bien, bien entour\u00e9es. La coordinatrice de la petite enfance, Sylvie Perroux, qui est tout le temps l\u00e0 pour nous, qui est tout le temps l\u00e0 pour nous aider, \u00e0 n\u2019importe quel moment on peut l\u2019appeler, nous renseigner. Elle fait vraiment tout pour nous, elle est formidable. Corinne Pelte est tr\u00e8s bien aussi mais on sait que \u00e7a va \u00eatre juste en remplacement puisque Sylvie va revenir et Sylvie \u00e7a fait depuis 2013 qu\u2019elle est l\u00e0, qu\u2019on la connait, elle a toujours \u00e9t\u00e9 de bon conseil, elle a toujours \u00e9t\u00e9 pr\u00e9sente.<\/p>\n\n\n\n<p>Alors les difficult\u00e9s, de l\u2019isolement peut-\u00eatre mais toujours Max\u00e9ville propose aux assistantes maternelles des activit\u00e9s gratuites la semaine donc \u00e7a c\u2019est super important parce-que ce n\u2019est pas partout pareil. Moi j\u2019ai discut\u00e9 beaucoup sur les forums avec d\u2019autres assistantes maternelles, m\u00eame dans les autres d\u00e9partements, et ce n\u2019est pas partout pareil. Par exemple le mercredi matin, on peut aller \u00e0 la ludoth\u00e8que, c\u2019est enti\u00e8rement gratuit, on peut emprunter des jeux, faire comme tout le monde quoi. On va au parc qui est super am\u00e9nag\u00e9, qui est vraiment bien, toujours propre, toujours entretenu. Donc le lundi on pouvait aller \u00e0 Marie Marvingt pour la motricit\u00e9, \u00e7a a \u00e9t\u00e9 un peu d\u00e9cal\u00e9 au niveau des jours mais c\u2019est normal, il y a d\u2019autres personnes aussi. Mais il y a toujours quelque-chose \u00e0 faire, Max\u00e9ville propose toujours des choses.<\/p>\n\n\n\n<p>Je trouve que certains parents et les gens autour d\u00e9valorisent ce m\u00e9tier quand m\u00eame, ils nous prennent pour des gardiennes, moi j\u2019ai d\u00e9j\u00e0 entendu \u00ab&nbsp;oh t\u2019es pas trop fatigu\u00e9e toi, t\u2019es \u00e0 la maison&nbsp;\u00bb, \u00ab&nbsp;oh oui mais si t\u2019as envie de te mettre assise, tu peux te mettre assise&nbsp;\u00bb, alors heureusement je vais pas rester debout toute la journ\u00e9e quand m\u00eame, \u00ab&nbsp;oui mais si tu veux boire un caf\u00e9, tu peux en boire un&nbsp;\u00bb, moi je bois un caf\u00e9 quand les enfants sont \u00e0 la sieste, l\u2019apr\u00e8s-midi, je me pose et encore, quand me pose, je vais chercher mes activit\u00e9s sur internet. Mais effectivement, c\u2019est l\u00e0-dessus qu\u2019il faudrait que les \u00e9lus essayent de faire quelque-chose pour valoriser ce m\u00e9tier. Comme j\u2019ai dit, ce n\u2019est pas le fait de nous voir avec des yeux \u00e9toil\u00e9s, non pas du tout, ce n\u2019est pas \u00e7a. C\u2019est comme, par exemple, femme de m\u00e9nage, qui s\u2019appelle d\u00e9sormais technicienne de surface mais pour certaines personnes \u00e7a reste une femme de m\u00e9nage, c\u2019est-\u00e0-dire la personne qui passe le balai, bah oui mais si la personne l\u00e0 on ne l\u2019a pas pour passer le balai, bah c\u2019est sale, on a besoin de tout le monde, tous les m\u00e9tiers sont utiles. Peut-\u00eatre que la femme de m\u00e9nage on ne lui a pas donn\u00e9 la possibilit\u00e9 de faire des \u00e9tudes quand elle \u00e9tait jeune, peut-\u00eatre qu\u2019on n\u2019a pas eu la possibilit\u00e9 de faire ce qu\u2019on voulait parce-que la vie fait que on est dans des familles o\u00f9 il faut vite grandir, il faut vite travailler et on n\u2019a pas le choix. Moi j\u2019ai le CAP petite-enfance, j\u2019ai le baccalaur\u00e9at de langues et je suis assistante maternelle et j\u2019en suis tr\u00e8s fi\u00e8re. Quand je le dis, les gens sont \u00e9tonn\u00e9s&nbsp;: \u00ab&nbsp;ah vous avez le BAC&nbsp;\u00bb, \u00ab&nbsp;Ah vous avez le CAP petite-enfance&nbsp;\u00bb, oui j\u2019ai m\u00eame eu 17 au CAP petite-enfance \u00ab&nbsp;ah oui quand m\u00eame&nbsp;\u00bb, eh oui quand m\u00eame. \u00c7a c\u2019est je pense les st\u00e9r\u00e9otypes que par m\u00e9tier, vous avez le niveau d\u2019intelligence des gens. On sait que certains m\u00e9tiers, il y a besoin de plus d\u2019ann\u00e9es d\u2019\u00e9tude que d\u2019autres mais ce n\u2019est pas pour \u00e7a que je ne suis pas aussi intelligente. Ce n\u2019est pas parce qu\u2019on est femme de m\u00e9nage ou assistante maternelle qu\u2019on ne vaut rien, qu\u2019on est bons juste \u00e0 \u00e7a.<\/p>\n\n\n\n<p>Comme st\u00e9r\u00e9otype aussi c\u2019est comme je suis une femme et une maman, je sais changer la couche, je sais faire \u00e0 manger, je sais quoi faire s\u2019il tombe. Et c\u2019est pour \u00e7a que j\u2019ai lu que deux d\u00e9put\u00e9s voudraient qu\u2019en 2030 il y ait 40% d\u2019hommes dans ce m\u00e9tier et \u00e7a les hommes vont avoir beaucoup de mal \u00e0 faire leur place, alors qu\u2019un homme est tout \u00e0 faire capable de faire ce m\u00e9tier, il a autant d\u2019empathie, autant d\u2019amour, autant de tout, \u00e0 donner qu\u2019une femme, moi je ne suis pas contre du tout. J\u2019ai d\u00e9j\u00e0 vu des t\u00e9moignages sur des assistants maternels mais jamais je n\u2019en n\u2019ai jamais connus.<\/p>\n\n\n\n<p>Je ne pense pas que le m\u00e9tier souffre de ne pas avoir beaucoup d\u2019hommes mais je pense que des hommes en souffrent, des hommes qui aimeraient faire ce m\u00e9tier, parce que c\u2019est une discrimination. Comme certaines femmes qui voudraient \u00eatre pompiers, les m\u00e9tiers l\u00e0 s\u2019ouvrent aux femmes mais c\u2019est pareil, on a connu \u00e7a en tant que femmes pour beaucoup de m\u00e9tiers \u00ab d\u2019hommes&nbsp;\u00bb.<\/p>\n\n\n\n<p><strong>2. \u00a0Qu\u2019est-ce qui vous motive dans votre emploi\u00a0?<\/strong><\/p>\n\n\n\n<p>J\u2019aime ce m\u00e9tier parce qu\u2019il est tr\u00e8s enrichissant, aupr\u00e8s des enfants, on apprend tout le temps. Chaque enfant est diff\u00e9rent et vous apporte tellement d\u2019amour, il se cr\u00e9e un lien et c\u2019est \u00e7a que j\u2019aime, c\u2019est ce partage, un enfant il est vrai, il fait semblant, il vous aime ou il ne vous aime pas et c\u2019est comme \u00e7a. Moi j\u2019ai d\u00e9j\u00e0 rencontr\u00e9 des enfants, pas qui ne m\u2019aimaient pas, mais qui avaient de la r\u00e9ticence, on voyait bien qu\u2019ils ne souhaitaient pas cr\u00e9er le lien, alors c\u2019\u00e9tait compliqu\u00e9 mais moi je respectais \u00e7a. Je communique beaucoup avec les parents. Donc par rapport aux enfants, c\u2019est un lien qui est rest\u00e9, je fais des vid\u00e9os pour leur anniversaire, j\u2019ai leurs parents sur Snapchat, je suis leurs progr\u00e8s, je vais les garder pour le mois d\u2019avril. J\u2019ai besoin de \u00e7a, d\u2019\u00eatre en confiance et que \u00e7a r\u00e9percute sur les enfants car si les parents sont bien, les enfants sont bien aussi. Et j\u2019aime ce m\u00e9tier car ce n\u2019est jamais pareil, tous les jours sont diff\u00e9rents, \u00e7a peut \u00eatre tr\u00e8s bien un jour, et un jour l\u2019enfant est fatigu\u00e9, il n\u2019a pas envie ou alors il a tr\u00e8s envie de faire telle ou telle chose ou est dans une phase, une phase du non, d\u2019une r\u00e9bellion. Faut s\u2019adapter et je trouve que plus je vais dans l\u2019\u00e2ge, plus je suis pos\u00e9e, je me dis \u00ab ce n\u2019est pas grave&nbsp;\u00bb.<\/p>\n\n\n\n<p>Travailler en cr\u00e8che est quelque chose qui m\u2019aurait plu mais je pr\u00e9f\u00e8re travailler \u00e0 la maison car j\u2019aime bien avoir le choix sur les parents avec qui je travaille. Il faut que j\u2019aie le feeling avec les parents car l\u2019enfant n\u2019est pas n\u00e9 souvent quand on a rendez-vous avec les parents. Donc il faut que ce soit le feeling d\u00e9j\u00e0 avec les parents, moi je respecte ce que les parents me demandent, je respecte leurs volont\u00e9s, leurs d\u00e9sirs d\u2019\u00e9ducation mais moi j\u2019ai mes principes et si ce sont des demandes compl\u00e8tement aberrantes, je refuse. En presque 11 ans de m\u00e9tier, je n\u2019ai dit non que deux fois.<\/p>\n\n\n\n<p><strong>3. Comment votre m\u00e9tier a-t-il \u00e9volu\u00e9 par rapport au covid\u00a0? Comment percevez-vous votre m\u00e9tier dans 10 ans ou dans 20 ans ?<\/strong><\/p>\n\n\n\n<p>Pendant le confinement, j\u2019avais trois contrats \u00e0 l\u2019\u00e9poque. J\u2019en avais deux et j\u2019en commen\u00e7ais un. Un qui a commenc\u00e9 le 9 mars et on \u00e9tait confin\u00e9s le 16, quelque chose comme \u00e7a. Mais les parents ont pr\u00e9f\u00e9r\u00e9 eux, avant le confinement, se confiner eux-m\u00eames. Le contrat courait encore mais \u00e0 l\u2019\u00e9poque je n\u2019avais que deux enfants dont une maman infirmi\u00e8re et un papa qui n\u2019\u00e9tait pas dans le m\u00e9dical et a donc pu la garder, et je n\u2019ai eu qu\u2019un seul enfant pendant tout le confinement parce que la maman est m\u00e9decin, seule et pas la possibilit\u00e9 de confier son enfant \u00e0 sa famille car c\u2019\u00e9tait le confinement. Donc j\u2019ai d\u00fb adapter car on n\u2019avait plus le droit de sortir comme on voulait, donc l\u2019heure qu\u2019on avait pour sortir \u00e9tait consacr\u00e9e \u00e0 cette petite fille, on sortait, on se promenait, moi j\u2019ai la possibilit\u00e9, j\u2019ai le canal qui est juste \u00e0 c\u00f4t\u00e9 donc on marche le long des berges qui sont am\u00e9nag\u00e9es, c\u2019est super agr\u00e9able, d\u2019aller voir les canards, les oiseaux, puis on voyait d\u2019autres personnes surtout, enfin on croisait d\u2019autres personnes parce-que c\u2019\u00e9tait important et puis j\u2019ai \u00e9galement adapt\u00e9 mon type de journ\u00e9e au confinement. Donc on pouvait plus sortir non plus, ni la ludoth\u00e8que, ni les RAM ni rien. Donc j\u2019ai mis en place un syst\u00e8me que j\u2019ai suivi apr\u00e8s, apr\u00e8s confinement quand j\u2019ai r\u00e9cup\u00e9r\u00e9 les autres enfants. Donc les lundis, eh bien on faisait la gym \u00e0 la maison puisqu\u2019on ne pouvait plus aller \u00e0 Marie Marvingt faire notre motricit\u00e9, j\u2019appelle \u00e7a la gym parce-que c\u2019\u00e9tait plus dr\u00f4le que de dire motricit\u00e9. Donc j\u2019ai investi dans deux structures pour faire de la motricit\u00e9. Donc le lundi on faisait \u00e7a, toujours avec lecture, chansons, jeux, puzzles, toute la journ\u00e9e avec jeux libres etc. Le mardi, c\u2019\u00e9tait activit\u00e9 manuelle donc je pr\u00e9parais le dimanche des activit\u00e9s pour qu\u2019on puisse faire des activit\u00e9s toute la semaine mais le mardi c\u2019\u00e9tait principalement activit\u00e9 manuelle donc sur tout et n\u2019importe quel th\u00e8me. Le mercredi, c\u2019\u00e9tait p\u00e2tisserie. Le jeudi on faisait ce que j\u2019appelle activit\u00e9 d\u2019apprentissage c\u2019est-\u00e0-dire reconna\u00eetre les couleurs, reconna\u00eetre les formes, faire des trac\u00e9s de lignes, tout ce qui peut les \u00e9veiller au niveau de l\u2019apprentissage. Et le vendredi, c\u2019\u00e9tait libre alors p\u00e2te \u00e0 modeler, sable magique, ce qu\u2019elle voulait, empilements de bo\u00eetes. Alors toute la semaine on faisait \u00e7a, c\u2019\u00e9tait un rituel que je mettais en place. D\u2019habitude je fais des activit\u00e9s toute la semaine, tous les jours, en fonction de l\u2019humeur de l\u2019enfant, s\u2019il a envie. Par exemple, *nom de l\u2019enfant gard\u00e9 actuellement* lui n\u2019aime pas trop les activit\u00e9s manuelles, il n\u2019aime pas donc on fait autre chose, tous les jours on fait de la p\u00e2tisserie car tous les jours il demande des gaufres, des g\u00e2teaux, des cr\u00eapes, il adore \u00e7a alors on fait de la p\u00e2tisserie. D\u00e8s qu\u2019il a envie, il dit de la peinture, p\u00e2te \u00e0 modeler, c\u2019est lui qui d\u00e9cide.<\/p>\n\n\n\n<p>C\u2019est vrai qu\u2019en faisant ce principe de semainier, c\u2019\u00e9tait aussi pour que la petite ne voie pas trop ce qui se passait autour, enfin que \u00e7a ne change pas trop pour elle mis \u00e0 part qu\u2019on ne peut plus se d\u00e9placer et aller au RAM [Relais assistant maternel] ni \u00e0 la ludoth\u00e8que par exemple. C\u2019\u00e9tait un peu pour qu\u2019elle ait un bien-\u00eatre quand m\u00eame par exemple par rapport \u00e0 ce qu\u2019on traversait, ce qui \u00e9tait tr\u00e8s compliqu\u00e9 parce qu\u2019on \u00e9tait vraiment coup\u00e9s de tout le monde.<\/p>\n\n\n\n<p>Alors c\u2019est vrai que dans notre m\u00e9tier on est d\u00e9j\u00e0 seule, enfin \u00e0 la maison je veux dire mais l\u00e0 c\u2019\u00e9tait vraiment compliqu\u00e9. Donc il fallait vraiment qu\u2019elle ne soit pas perdue, pour elle qu\u2019elle ne trouve pas \u00e7a bizarre et puis elle aime les activit\u00e9s, elle adorait \u00e7a, elle aime toujours d\u2019ailleurs, elle est tr\u00e8s demandeuse. Et ensuite quand j\u2019ai r\u00e9cup\u00e9r\u00e9 les autres enfants, j\u2019ai continu\u00e9 cette semaine. Et apr\u00e8s les enfants avaient l\u2019habitude et ils savaient, \u00e7a s\u2019est bien pass\u00e9.<\/p>\n\n\n\n<p>*nom de la petite fille gard\u00e9e*, sa maman \u00e9tant m\u00e9decin, du jour au lendemain, sa maman portait le masque et appliquait d\u2019autres choses car elle \u00e9tait en contact avec des gens qui avaient le covid donc du jour au lendemain des gens ne rentraient plus, c\u2019\u00e9tait sur le palier car on avait re\u00e7u des directives de la PMI et du Conseil D\u00e9partemental. Donc les parents ne rentraient plus, normalement c\u2019\u00e9tait une bo\u00eete pour l\u2019enfant pour qu\u2019il pose ses affaires dedans donc elle a vu que certaines choses \u00e9taient diff\u00e9rentes, sa maman lui a expliqu\u00e9 qu\u2019il y avait une maladie, un virus donc lavage de mains beaucoup plus souvent, enfin y\u2019a plein de choses qui ont \u00e9t\u00e9 mises en place par rapport au protocole sanitaire et la maman lui expliquait. Donc quand elle posait des questions, je lui r\u00e9pondais franchement, si elle n\u2019abordait pas le sujet, je ne lui en parlais pas, moi je trouve que ce n\u2019\u00e9tait pas mon r\u00f4le ni ma place de lui expliquer les choses. Des fois si elle expliquait \u00ab&nbsp;ah bah on ne peut pas sortir parce-que y\u2019a le virus&nbsp;\u00bb donc je lui disais \u00ab&nbsp;voil\u00e0 y\u2019a le virus donc on va faire autre chose, qu\u2019est-ce-que tu veux faire&nbsp;\u00bb et on \u00e9tait parties dans autre chose parce que moi les enfants, j\u2019estime qu\u2019\u00e0 l\u2019\u00e2ge-l\u00e0, elle avait donc 2 ans, c\u2019est bien de leur expliquer qu\u2019il faut faire attention, se laver les mains mais m\u00eame sans le virus, alors je trouvais que c\u2019\u00e9tait d\u00e9j\u00e0 contraignant pour les enfants, port de masque pour les adultes. Donc pour finir, si elle posait une question, je lui r\u00e9pondais, sinon je ne l\u2019abordais pas.<\/p>\n\n\n\n<p>C\u2019\u00e9tait tr\u00e8s compliqu\u00e9 pour la maman m\u00e9decin parce qu\u2019elle voyait beaucoup de patients covid, de gens malades, on n\u2019en parlait pas parce qu\u2019il y a le secret professionnel quand m\u00eame, elle me disait aujourd\u2019hui j\u2019ai eu tant de patients covid etc. donc elle \u00e9tait tr\u00e8s inqui\u00e8te surtout par rapport \u00e0 sa fille, elle prenait toutes les pr\u00e9cautions possibles mais elle avait peur de lui transmettre bien qu\u2019elle prenait toutes les pr\u00e9cautions. Sinon pour les autres parents, ils \u00e9taient tr\u00e8s inquiets comme tout le monde. Je n\u2019ai pas vu beaucoup de grosses appr\u00e9hensions du fait qu\u2019il savait qu\u2019ici moi je respecte, chaque fois que j\u2019avais un document de la PMI, du Conseil d\u00e9partemental, je leur transmettais, donc ils \u00e9taient au courant de tout. Le protocole que j\u2019ai mis en place, ce n\u2019\u00e9tait pas moi qui l\u2019avais d\u00e9cid\u00e9, c\u2019\u00e9tait tr\u00e8s bien accept\u00e9 et tout le monde a bien compris. Dans 10 ans ou dans 20 ans, moi je pense qu\u2019il n\u2019y aura pas vraiment d\u2019\u00e9volution. On a beau faire ce qu\u2019on veut, dans la t\u00eate des gens, les assistantes maternelles, nous c\u2019est un titre qu\u2019on nous a donn\u00e9 mais dans la t\u00eate des gens, on restera les nounous. On va se battre contre des moulins \u00e0 vent, je pense qu\u2019on sera au m\u00eame niveau mais j\u2019esp\u00e8re me tromper. Je ne vois pas le terme de nounou comme p\u00e9joratif mais moi quand je me pr\u00e9sente je suis assistante maternelle. Ensuite, je deviens la nounou, et pour eux, pour les parents, je le sens, ce n\u2019est pas p\u00e9joratif la nounou. La nounou est la premi\u00e8re personne que j\u2019ai vue quand j\u2019ai commenc\u00e9 tout au d\u00e9but, quand elle m\u2019a rappel\u00e9e le soir la maman, elle m\u2019a dit \u00ab&nbsp;c\u2019est vous la nounou, c\u2019est vous&nbsp;\u00bb. Parce qu\u2019elle voyait en moi la nounou, donc la personne qui va prendre soin de son enfant, qui est \u00e0 son \u00e9coute, qui est chaleureuse, qui a beaucoup de tendresse, qui a beaucoup d\u2019amour \u00e0 donner, qui va lui apporter quelque chose tout en \u00e9tant professionnelle. On peut \u00eatre nounou, avoir toutes ces qualit\u00e9s l\u00e0 et rester professionnelle parce qu\u2019on doit respecter des protocoles sanitaires, on doit accepter les attentes des parents, respecter ce que les parents nous demandent, faire attention \u00e0 l\u2019\u00e9veil des enfants, \u00e0 mettre une barri\u00e8re quand m\u00eame.<\/p>\n<div style=\"padding-bottom:20px; padding-top:10px;\" class=\"hupso-share-buttons\"><!-- Hupso Share Buttons - https:\/\/www.hupso.com\/share\/ --><a class=\"hupso_toolbar\" href=\"https:\/\/www.hupso.com\/share\/\"><img src=\"https:\/\/static.hupso.com\/share\/buttons\/lang\/fr\/share-medium.png\" style=\"border:0px; padding-top: 5px; float:left;\" alt=\"Share Button\"\/><\/a><script type=\"text\/javascript\">var hupso_services_t=new Array();var hupso_background_t=\"#EAF4FF\";var hupso_border_t=\"#66CCFF\";var hupso_toolbar_size_t=\"medium\";var hupso_image_folder_url = \"\";var hupso_url_t=\"\";var hupso_title_t=\"Elles%20font%20Max%C3%A9ville...%20%234\";<\/script><script type=\"text\/javascript\" src=\"https:\/\/static.hupso.com\/share\/js\/share_toolbar.js\"><\/script><!-- Hupso Share Buttons --><\/div>","protected":false},"excerpt":{"rendered":"<p>Nathalie Spak &#8211; Assistante maternelle Entretien men\u00e9 par Flora Vincent, le 21 f\u00e9vrier 2022 au domicile de Madame Spak. 1. Pouvez-vous d\u00e9crire votre travail\u00a0? (Ses atouts, difficult\u00e9s, repr\u00e9sentations&#8230;<\/p>\n","protected":false},"author":1,"featured_media":11585,"parent":0,"menu_order":0,"comment_status":"closed","ping_status":"closed","template":"","meta":[],"_links":{"self":[{"href":"https:\/\/maxeville.fr\/index.php\/wp-json\/wp\/v2\/pages\/11593"}],"collection":[{"href":"https:\/\/maxeville.fr\/index.php\/wp-json\/wp\/v2\/pages"}],"about":[{"href":"https:\/\/maxeville.fr\/index.php\/wp-json\/wp\/v2\/types\/page"}],"author":[{"embeddable":true,"href":"https:\/\/maxeville.fr\/index.php\/wp-json\/wp\/v2\/users\/1"}],"replies":[{"embeddable":true,"href":"https:\/\/maxeville.fr\/index.php\/wp-json\/wp\/v2\/comments?post=11593"}],"version-history":[{"count":1,"href":"https:\/\/maxeville.fr\/index.php\/wp-json\/wp\/v2\/pages\/11593\/revisions"}],"predecessor-version":[{"id":11594,"href":"https:\/\/maxeville.fr\/index.php\/wp-json\/wp\/v2\/pages\/11593\/revisions\/11594"}],"wp:featuredmedia":[{"embeddable":true,"href":"https:\/\/maxeville.fr\/index.php\/wp-json\/wp\/v2\/media\/11585"}],"wp:attachment":[{"href":"https:\/\/maxeville.fr\/index.php\/wp-json\/wp\/v2\/media?parent=11593"}],"curies":[{"name":"wp","href":"https:\/\/api.w.org\/{rel}","templated":true}]}}