{"id":17098,"date":"2024-11-26T11:48:42","date_gmt":"2024-11-26T10:48:42","guid":{"rendered":"https:\/\/maxeville.fr\/?page_id=17098"},"modified":"2026-03-03T17:26:15","modified_gmt":"2026-03-03T16:26:15","slug":"le-printemps-du-theatre-festival-annuel-de-theatre-amateur","status":"publish","type":"page","link":"https:\/\/maxeville.fr\/index.php\/le-printemps-du-theatre-festival-annuel-de-theatre-amateur\/","title":{"rendered":"Le Printemps du Th\u00e9\u00e2tre | festival annuel de th\u00e9\u00e2tre amateur"},"content":{"rendered":"\n<p><em>Depuis 2017, le th\u00e9\u00e2tre amateur s\u2019invite chaque printemps \u00e0 Max\u00e9ville avec l\u2019<strong>objectif de rendre la culture accessible \u00e0 tous et de rassembler les habitants<\/strong>&nbsp;\u00e0 travers des \u00e9v\u00e9nements culturels et festifs vari\u00e9s.<\/em><\/p>\n\n\n\n<p><strong>En 2026 : rdv mercredi 1er,  jeudi 2, vendredi 3, et samedi 4 avril <\/strong><\/p>\n\n\n\n<figure class=\"wp-block-image size-large is-resized\"><img decoding=\"async\" loading=\"lazy\" src=\"https:\/\/maxeville.fr\/wp-content\/uploads\/2026\/03\/file_00000000c41c71f4993b5c0a3275b6de-1-896x1024.png\" alt=\"\" class=\"wp-image-19160\" width=\"331\" height=\"377\" srcset=\"https:\/\/maxeville.fr\/wp-content\/uploads\/2026\/03\/file_00000000c41c71f4993b5c0a3275b6de-1-896x1024.png 896w, https:\/\/maxeville.fr\/wp-content\/uploads\/2026\/03\/file_00000000c41c71f4993b5c0a3275b6de-1-263x300.png 263w, https:\/\/maxeville.fr\/wp-content\/uploads\/2026\/03\/file_00000000c41c71f4993b5c0a3275b6de-1-768x878.png 768w, https:\/\/maxeville.fr\/wp-content\/uploads\/2026\/03\/file_00000000c41c71f4993b5c0a3275b6de-1-973x1112.png 973w, https:\/\/maxeville.fr\/wp-content\/uploads\/2026\/03\/file_00000000c41c71f4993b5c0a3275b6de-1-508x580.png 508w, https:\/\/maxeville.fr\/wp-content\/uploads\/2026\/03\/file_00000000c41c71f4993b5c0a3275b6de-1-21x24.png 21w, https:\/\/maxeville.fr\/wp-content\/uploads\/2026\/03\/file_00000000c41c71f4993b5c0a3275b6de-1-32x36.png 32w, https:\/\/maxeville.fr\/wp-content\/uploads\/2026\/03\/file_00000000c41c71f4993b5c0a3275b6de-1-42x48.png 42w, https:\/\/maxeville.fr\/wp-content\/uploads\/2026\/03\/file_00000000c41c71f4993b5c0a3275b6de-1.png 1024w\" sizes=\"(max-width: 331px) 100vw, 331px\" \/><\/figure>\n\n\n\n<figure class=\"wp-block-gallery has-nested-images columns-default is-cropped wp-block-gallery-1 is-layout-flex\">\n<figure class=\"wp-block-image size-large\"><img decoding=\"async\" loading=\"lazy\" width=\"1024\" height=\"683\" data-id=\"19161\"  src=\"https:\/\/maxeville.fr\/wp-content\/uploads\/2026\/03\/WhatsApp-Image-2025-12-26-at-14.05.21-1024x683.jpeg\" alt=\"\" class=\"wp-image-19161\" srcset=\"https:\/\/maxeville.fr\/wp-content\/uploads\/2026\/03\/WhatsApp-Image-2025-12-26-at-14.05.21-1024x683.jpeg 1024w, https:\/\/maxeville.fr\/wp-content\/uploads\/2026\/03\/WhatsApp-Image-2025-12-26-at-14.05.21-300x200.jpeg 300w, https:\/\/maxeville.fr\/wp-content\/uploads\/2026\/03\/WhatsApp-Image-2025-12-26-at-14.05.21-768x512.jpeg 768w, https:\/\/maxeville.fr\/wp-content\/uploads\/2026\/03\/WhatsApp-Image-2025-12-26-at-14.05.21-1536x1024.jpeg 1536w, https:\/\/maxeville.fr\/wp-content\/uploads\/2026\/03\/WhatsApp-Image-2025-12-26-at-14.05.21-973x649.jpeg 973w, https:\/\/maxeville.fr\/wp-content\/uploads\/2026\/03\/WhatsApp-Image-2025-12-26-at-14.05.21-508x339.jpeg 508w, https:\/\/maxeville.fr\/wp-content\/uploads\/2026\/03\/WhatsApp-Image-2025-12-26-at-14.05.21-24x16.jpeg 24w, https:\/\/maxeville.fr\/wp-content\/uploads\/2026\/03\/WhatsApp-Image-2025-12-26-at-14.05.21-36x24.jpeg 36w, https:\/\/maxeville.fr\/wp-content\/uploads\/2026\/03\/WhatsApp-Image-2025-12-26-at-14.05.21-48x32.jpeg 48w, https:\/\/maxeville.fr\/wp-content\/uploads\/2026\/03\/WhatsApp-Image-2025-12-26-at-14.05.21.jpeg 2048w\" sizes=\"(max-width: 1024px) 100vw, 1024px\" \/><\/figure>\n\n\n\n<figure class=\"wp-block-image size-large\"><img decoding=\"async\" loading=\"lazy\" width=\"724\" height=\"1024\" data-id=\"19162\"  src=\"https:\/\/maxeville.fr\/wp-content\/uploads\/2026\/03\/AFFICHE-LAVARE-724x1024.jpg\" alt=\"\" class=\"wp-image-19162\" srcset=\"https:\/\/maxeville.fr\/wp-content\/uploads\/2026\/03\/AFFICHE-LAVARE-724x1024.jpg 724w, https:\/\/maxeville.fr\/wp-content\/uploads\/2026\/03\/AFFICHE-LAVARE-212x300.jpg 212w, https:\/\/maxeville.fr\/wp-content\/uploads\/2026\/03\/AFFICHE-LAVARE-768x1086.jpg 768w, https:\/\/maxeville.fr\/wp-content\/uploads\/2026\/03\/AFFICHE-LAVARE-1086x1536.jpg 1086w, https:\/\/maxeville.fr\/wp-content\/uploads\/2026\/03\/AFFICHE-LAVARE-973x1376.jpg 973w, https:\/\/maxeville.fr\/wp-content\/uploads\/2026\/03\/AFFICHE-LAVARE-508x719.jpg 508w, https:\/\/maxeville.fr\/wp-content\/uploads\/2026\/03\/AFFICHE-LAVARE-17x24.jpg 17w, https:\/\/maxeville.fr\/wp-content\/uploads\/2026\/03\/AFFICHE-LAVARE-25x36.jpg 25w, https:\/\/maxeville.fr\/wp-content\/uploads\/2026\/03\/AFFICHE-LAVARE-34x48.jpg 34w, https:\/\/maxeville.fr\/wp-content\/uploads\/2026\/03\/AFFICHE-LAVARE.jpg 1131w\" sizes=\"(max-width: 724px) 100vw, 724px\" \/><\/figure>\n\n\n\n<figure class=\"wp-block-image size-large\"><img decoding=\"async\" loading=\"lazy\" width=\"640\" height=\"914\" data-id=\"19163\"  src=\"https:\/\/maxeville.fr\/wp-content\/uploads\/2026\/03\/nfiltres.jpg\" alt=\"\" class=\"wp-image-19163\" srcset=\"https:\/\/maxeville.fr\/wp-content\/uploads\/2026\/03\/nfiltres.jpg 640w, https:\/\/maxeville.fr\/wp-content\/uploads\/2026\/03\/nfiltres-210x300.jpg 210w, https:\/\/maxeville.fr\/wp-content\/uploads\/2026\/03\/nfiltres-508x725.jpg 508w, https:\/\/maxeville.fr\/wp-content\/uploads\/2026\/03\/nfiltres-17x24.jpg 17w, https:\/\/maxeville.fr\/wp-content\/uploads\/2026\/03\/nfiltres-25x36.jpg 25w, https:\/\/maxeville.fr\/wp-content\/uploads\/2026\/03\/nfiltres-34x48.jpg 34w\" sizes=\"(max-width: 640px) 100vw, 640px\" \/><\/figure>\n<\/figure>\n\n\n\n<figure class=\"wp-block-image size-full\"><img decoding=\"async\" loading=\"lazy\" width=\"773\" height=\"679\" src=\"https:\/\/maxeville.fr\/wp-content\/uploads\/2026\/03\/image-3.png\" alt=\"\" class=\"wp-image-19158\" srcset=\"https:\/\/maxeville.fr\/wp-content\/uploads\/2026\/03\/image-3.png 773w, https:\/\/maxeville.fr\/wp-content\/uploads\/2026\/03\/image-3-300x264.png 300w, https:\/\/maxeville.fr\/wp-content\/uploads\/2026\/03\/image-3-768x675.png 768w, https:\/\/maxeville.fr\/wp-content\/uploads\/2026\/03\/image-3-508x446.png 508w, https:\/\/maxeville.fr\/wp-content\/uploads\/2026\/03\/image-3-24x21.png 24w, https:\/\/maxeville.fr\/wp-content\/uploads\/2026\/03\/image-3-36x32.png 36w, https:\/\/maxeville.fr\/wp-content\/uploads\/2026\/03\/image-3-48x42.png 48w\" sizes=\"(max-width: 773px) 100vw, 773px\" \/><\/figure>\n\n\n\n<p><\/p>\n\n\n\n<figure class=\"wp-block-gallery has-nested-images columns-default is-cropped wp-block-gallery-3 is-layout-flex\">\n<figure class=\"wp-block-image size-large\"><img decoding=\"async\" loading=\"lazy\" width=\"724\" height=\"1024\" data-id=\"17013\"  src=\"https:\/\/maxeville.fr\/wp-content\/uploads\/2024\/11\/LPDT_23_Affiche_RVB_2-724x1024.jpg\" alt=\"\" class=\"wp-image-17013\" srcset=\"https:\/\/maxeville.fr\/wp-content\/uploads\/2024\/11\/LPDT_23_Affiche_RVB_2-724x1024.jpg 724w, https:\/\/maxeville.fr\/wp-content\/uploads\/2024\/11\/LPDT_23_Affiche_RVB_2-212x300.jpg 212w, https:\/\/maxeville.fr\/wp-content\/uploads\/2024\/11\/LPDT_23_Affiche_RVB_2-768x1086.jpg 768w, https:\/\/maxeville.fr\/wp-content\/uploads\/2024\/11\/LPDT_23_Affiche_RVB_2-973x1376.jpg 973w, https:\/\/maxeville.fr\/wp-content\/uploads\/2024\/11\/LPDT_23_Affiche_RVB_2-508x718.jpg 508w, https:\/\/maxeville.fr\/wp-content\/uploads\/2024\/11\/LPDT_23_Affiche_RVB_2-17x24.jpg 17w, https:\/\/maxeville.fr\/wp-content\/uploads\/2024\/11\/LPDT_23_Affiche_RVB_2-25x36.jpg 25w, https:\/\/maxeville.fr\/wp-content\/uploads\/2024\/11\/LPDT_23_Affiche_RVB_2-34x48.jpg 34w, https:\/\/maxeville.fr\/wp-content\/uploads\/2024\/11\/LPDT_23_Affiche_RVB_2.jpg 1002w\" sizes=\"(max-width: 724px) 100vw, 724px\" \/><\/figure>\n\n\n\n<figure class=\"wp-block-image size-large\"><img decoding=\"async\" loading=\"lazy\" width=\"724\" height=\"1024\" data-id=\"17014\"  src=\"https:\/\/maxeville.fr\/wp-content\/uploads\/2024\/11\/2024_PDT-724x1024.jpg\" alt=\"\" class=\"wp-image-17014\" srcset=\"https:\/\/maxeville.fr\/wp-content\/uploads\/2024\/11\/2024_PDT-724x1024.jpg 724w, https:\/\/maxeville.fr\/wp-content\/uploads\/2024\/11\/2024_PDT-212x300.jpg 212w, https:\/\/maxeville.fr\/wp-content\/uploads\/2024\/11\/2024_PDT-768x1086.jpg 768w, https:\/\/maxeville.fr\/wp-content\/uploads\/2024\/11\/2024_PDT-1086x1536.jpg 1086w, https:\/\/maxeville.fr\/wp-content\/uploads\/2024\/11\/2024_PDT-1448x2048.jpg 1448w, https:\/\/maxeville.fr\/wp-content\/uploads\/2024\/11\/2024_PDT-973x1376.jpg 973w, https:\/\/maxeville.fr\/wp-content\/uploads\/2024\/11\/2024_PDT-508x718.jpg 508w, https:\/\/maxeville.fr\/wp-content\/uploads\/2024\/11\/2024_PDT-17x24.jpg 17w, https:\/\/maxeville.fr\/wp-content\/uploads\/2024\/11\/2024_PDT-25x36.jpg 25w, https:\/\/maxeville.fr\/wp-content\/uploads\/2024\/11\/2024_PDT-34x48.jpg 34w, https:\/\/maxeville.fr\/wp-content\/uploads\/2024\/11\/2024_PDT.jpg 1754w\" sizes=\"(max-width: 724px) 100vw, 724px\" \/><\/figure>\n\n\n\n<figure class=\"wp-block-image size-large\"><img decoding=\"async\" loading=\"lazy\" width=\"664\" height=\"940\" data-id=\"17015\"  src=\"https:\/\/maxeville.fr\/wp-content\/uploads\/2024\/11\/PDT2019.jpg\" alt=\"\" class=\"wp-image-17015\" srcset=\"https:\/\/maxeville.fr\/wp-content\/uploads\/2024\/11\/PDT2019.jpg 664w, https:\/\/maxeville.fr\/wp-content\/uploads\/2024\/11\/PDT2019-212x300.jpg 212w, https:\/\/maxeville.fr\/wp-content\/uploads\/2024\/11\/PDT2019-508x719.jpg 508w, https:\/\/maxeville.fr\/wp-content\/uploads\/2024\/11\/PDT2019-17x24.jpg 17w, https:\/\/maxeville.fr\/wp-content\/uploads\/2024\/11\/PDT2019-25x36.jpg 25w, https:\/\/maxeville.fr\/wp-content\/uploads\/2024\/11\/PDT2019-34x48.jpg 34w\" sizes=\"(max-width: 664px) 100vw, 664px\" \/><\/figure>\n\n\n\n<figure class=\"wp-block-image size-large\"><img decoding=\"async\" loading=\"lazy\" width=\"724\" height=\"1024\" data-id=\"17008\"  src=\"https:\/\/maxeville.fr\/wp-content\/uploads\/2024\/11\/PRINTEMPSDUTHEATRE_2020_affiche-724x1024.jpg\" alt=\"\" class=\"wp-image-17008\" srcset=\"https:\/\/maxeville.fr\/wp-content\/uploads\/2024\/11\/PRINTEMPSDUTHEATRE_2020_affiche-724x1024.jpg 724w, https:\/\/maxeville.fr\/wp-content\/uploads\/2024\/11\/PRINTEMPSDUTHEATRE_2020_affiche-212x300.jpg 212w, https:\/\/maxeville.fr\/wp-content\/uploads\/2024\/11\/PRINTEMPSDUTHEATRE_2020_affiche-768x1086.jpg 768w, https:\/\/maxeville.fr\/wp-content\/uploads\/2024\/11\/PRINTEMPSDUTHEATRE_2020_affiche-1086x1536.jpg 1086w, https:\/\/maxeville.fr\/wp-content\/uploads\/2024\/11\/PRINTEMPSDUTHEATRE_2020_affiche-1448x2048.jpg 1448w, https:\/\/maxeville.fr\/wp-content\/uploads\/2024\/11\/PRINTEMPSDUTHEATRE_2020_affiche-973x1376.jpg 973w, https:\/\/maxeville.fr\/wp-content\/uploads\/2024\/11\/PRINTEMPSDUTHEATRE_2020_affiche-508x718.jpg 508w, https:\/\/maxeville.fr\/wp-content\/uploads\/2024\/11\/PRINTEMPSDUTHEATRE_2020_affiche-17x24.jpg 17w, https:\/\/maxeville.fr\/wp-content\/uploads\/2024\/11\/PRINTEMPSDUTHEATRE_2020_affiche-25x36.jpg 25w, https:\/\/maxeville.fr\/wp-content\/uploads\/2024\/11\/PRINTEMPSDUTHEATRE_2020_affiche-34x48.jpg 34w, https:\/\/maxeville.fr\/wp-content\/uploads\/2024\/11\/PRINTEMPSDUTHEATRE_2020_affiche-scaled.jpg 1810w\" sizes=\"(max-width: 724px) 100vw, 724px\" \/><\/figure>\n\n\n\n<figure class=\"wp-block-image size-large\"><img decoding=\"async\" loading=\"lazy\" width=\"426\" height=\"595\" data-id=\"17011\"  src=\"https:\/\/maxeville.fr\/wp-content\/uploads\/2024\/11\/PDT2017.jpg\" alt=\"\" class=\"wp-image-17011\" srcset=\"https:\/\/maxeville.fr\/wp-content\/uploads\/2024\/11\/PDT2017.jpg 426w, https:\/\/maxeville.fr\/wp-content\/uploads\/2024\/11\/PDT2017-215x300.jpg 215w, https:\/\/maxeville.fr\/wp-content\/uploads\/2024\/11\/PDT2017-17x24.jpg 17w, https:\/\/maxeville.fr\/wp-content\/uploads\/2024\/11\/PDT2017-26x36.jpg 26w, https:\/\/maxeville.fr\/wp-content\/uploads\/2024\/11\/PDT2017-34x48.jpg 34w\" sizes=\"(max-width: 426px) 100vw, 426px\" \/><\/figure>\n\n\n\n<figure class=\"wp-block-image size-large\"><img decoding=\"async\" loading=\"lazy\" width=\"724\" height=\"1024\" data-id=\"17010\"  src=\"https:\/\/maxeville.fr\/wp-content\/uploads\/2024\/11\/LPDT_2018_finale-724x1024.jpg\" alt=\"\" class=\"wp-image-17010\" srcset=\"https:\/\/maxeville.fr\/wp-content\/uploads\/2024\/11\/LPDT_2018_finale-724x1024.jpg 724w, https:\/\/maxeville.fr\/wp-content\/uploads\/2024\/11\/LPDT_2018_finale-212x300.jpg 212w, https:\/\/maxeville.fr\/wp-content\/uploads\/2024\/11\/LPDT_2018_finale-768x1086.jpg 768w, https:\/\/maxeville.fr\/wp-content\/uploads\/2024\/11\/LPDT_2018_finale-1086x1536.jpg 1086w, https:\/\/maxeville.fr\/wp-content\/uploads\/2024\/11\/LPDT_2018_finale-1448x2048.jpg 1448w, https:\/\/maxeville.fr\/wp-content\/uploads\/2024\/11\/LPDT_2018_finale-973x1376.jpg 973w, https:\/\/maxeville.fr\/wp-content\/uploads\/2024\/11\/LPDT_2018_finale-508x718.jpg 508w, https:\/\/maxeville.fr\/wp-content\/uploads\/2024\/11\/LPDT_2018_finale-17x24.jpg 17w, https:\/\/maxeville.fr\/wp-content\/uploads\/2024\/11\/LPDT_2018_finale-25x36.jpg 25w, https:\/\/maxeville.fr\/wp-content\/uploads\/2024\/11\/LPDT_2018_finale-34x48.jpg 34w, https:\/\/maxeville.fr\/wp-content\/uploads\/2024\/11\/LPDT_2018_finale.jpg 1754w\" sizes=\"(max-width: 724px) 100vw, 724px\" \/><\/figure>\n\n\n\n<figure class=\"wp-block-image size-large\"><img decoding=\"async\" loading=\"lazy\" width=\"724\" height=\"1024\" data-id=\"17012\"  src=\"https:\/\/maxeville.fr\/wp-content\/uploads\/2024\/11\/Affiche_LPDT2022-724x1024.jpg\" alt=\"\" class=\"wp-image-17012\" srcset=\"https:\/\/maxeville.fr\/wp-content\/uploads\/2024\/11\/Affiche_LPDT2022-724x1024.jpg 724w, https:\/\/maxeville.fr\/wp-content\/uploads\/2024\/11\/Affiche_LPDT2022-212x300.jpg 212w, https:\/\/maxeville.fr\/wp-content\/uploads\/2024\/11\/Affiche_LPDT2022-768x1086.jpg 768w, https:\/\/maxeville.fr\/wp-content\/uploads\/2024\/11\/Affiche_LPDT2022-1086x1536.jpg 1086w, https:\/\/maxeville.fr\/wp-content\/uploads\/2024\/11\/Affiche_LPDT2022-1448x2048.jpg 1448w, https:\/\/maxeville.fr\/wp-content\/uploads\/2024\/11\/Affiche_LPDT2022-973x1376.jpg 973w, https:\/\/maxeville.fr\/wp-content\/uploads\/2024\/11\/Affiche_LPDT2022-508x718.jpg 508w, https:\/\/maxeville.fr\/wp-content\/uploads\/2024\/11\/Affiche_LPDT2022-17x24.jpg 17w, https:\/\/maxeville.fr\/wp-content\/uploads\/2024\/11\/Affiche_LPDT2022-25x36.jpg 25w, https:\/\/maxeville.fr\/wp-content\/uploads\/2024\/11\/Affiche_LPDT2022-34x48.jpg 34w, https:\/\/maxeville.fr\/wp-content\/uploads\/2024\/11\/Affiche_LPDT2022.jpg 1654w\" sizes=\"(max-width: 724px) 100vw, 724px\" \/><\/figure>\n\n\n\n<figure class=\"wp-block-image size-large\"><img decoding=\"async\" loading=\"lazy\" width=\"724\" height=\"1024\" data-id=\"18973\"  src=\"https:\/\/maxeville.fr\/wp-content\/uploads\/2026\/01\/2025-724x1024.jpg\" alt=\"\" class=\"wp-image-18973\" srcset=\"https:\/\/maxeville.fr\/wp-content\/uploads\/2026\/01\/2025-724x1024.jpg 724w, https:\/\/maxeville.fr\/wp-content\/uploads\/2026\/01\/2025-212x300.jpg 212w, https:\/\/maxeville.fr\/wp-content\/uploads\/2026\/01\/2025-768x1086.jpg 768w, https:\/\/maxeville.fr\/wp-content\/uploads\/2026\/01\/2025-1086x1536.jpg 1086w, https:\/\/maxeville.fr\/wp-content\/uploads\/2026\/01\/2025-1448x2048.jpg 1448w, https:\/\/maxeville.fr\/wp-content\/uploads\/2026\/01\/2025-973x1376.jpg 973w, https:\/\/maxeville.fr\/wp-content\/uploads\/2026\/01\/2025-508x718.jpg 508w, https:\/\/maxeville.fr\/wp-content\/uploads\/2026\/01\/2025-17x24.jpg 17w, https:\/\/maxeville.fr\/wp-content\/uploads\/2026\/01\/2025-25x36.jpg 25w, https:\/\/maxeville.fr\/wp-content\/uploads\/2026\/01\/2025-34x48.jpg 34w, https:\/\/maxeville.fr\/wp-content\/uploads\/2026\/01\/2025-scaled.jpg 1810w\" sizes=\"(max-width: 724px) 100vw, 724px\" \/><\/figure>\n<\/figure>\n\n\n\n<blockquote class=\"wp-block-quote\">\n<p><strong><em>\u201cC\u2019est une chance que de pouvoir partager ma passion : celle du th\u00e9\u00e2tre\u2026 L\u2019aventure a commenc\u00e9 en 2017. Depuis, chaque ann\u00e9e, le Printemps du Th\u00e9\u00e2tre s\u2019invite au CILM. Des compagnies de com\u00e9diens amateurs, parfois professionnels, viennent rencontrer un public toujours plus nombreux. On y voit des enfants emmener leurs parents, des jeunes, des moins jeunes, franchir la porte pour la premi\u00e8re fois\u2026<\/em><\/strong><\/p>\n\n\n\n<p><mark style=\"background-color:rgba(0, 0, 0, 0)\" class=\"has-inline-color has-accent-color\"><strong>Des soir\u00e9es o\u00f9, ensemble, on partage des \u00e9motions,<br>on rit, on r\u00e9fl\u00e9chit, on\u2026vit !<\/strong>\u201c<\/mark><\/p>\n\n\n\n<figure class=\"wp-block-image is-resized\"><img decoding=\"async\" loading=\"lazy\" src=\"https:\/\/maxeville.fr\/wp-content\/uploads\/2024\/11\/F-RICCI.jpg\" alt=\"\" class=\"wp-image-17021\" width=\"96\" height=\"115\" srcset=\"https:\/\/maxeville.fr\/wp-content\/uploads\/2024\/11\/F-RICCI.jpg 118w, https:\/\/maxeville.fr\/wp-content\/uploads\/2024\/11\/F-RICCI-20x24.jpg 20w, https:\/\/maxeville.fr\/wp-content\/uploads\/2024\/11\/F-RICCI-30x36.jpg 30w, https:\/\/maxeville.fr\/wp-content\/uploads\/2024\/11\/F-RICCI-40x48.jpg 40w\" sizes=\"(max-width: 96px) 100vw, 96px\" \/><\/figure>\n<cite><em>Francine RICCI \u2013 Max\u00e9villoise fondatrice du festival<\/em><\/cite><\/blockquote>\n<div style=\"padding-bottom:20px; padding-top:10px;\" class=\"hupso-share-buttons\"><!-- Hupso Share Buttons - https:\/\/www.hupso.com\/share\/ --><a class=\"hupso_toolbar\" href=\"https:\/\/www.hupso.com\/share\/\"><img src=\"https:\/\/static.hupso.com\/share\/buttons\/lang\/fr\/share-medium.png\" style=\"border:0px; padding-top: 5px; float:left;\" alt=\"Share Button\"\/><\/a><script type=\"text\/javascript\">var hupso_services_t=new Array();var hupso_background_t=\"#EAF4FF\";var hupso_border_t=\"#66CCFF\";var hupso_toolbar_size_t=\"medium\";var hupso_image_folder_url = \"\";var hupso_url_t=\"\";var hupso_title_t=\"Le%20Printemps%20du%20Th%C3%A9%C3%A2tre%20%7C%20festival%20annuel%20de%20th%C3%A9%C3%A2tre%20amateur\";<\/script><script type=\"text\/javascript\" src=\"https:\/\/static.hupso.com\/share\/js\/share_toolbar.js\"><\/script><!-- Hupso Share Buttons --><\/div>","protected":false},"excerpt":{"rendered":"<p>Depuis 2017, le th\u00e9\u00e2tre amateur s\u2019invite chaque printemps \u00e0 Max\u00e9ville avec l\u2019objectif de rendre la culture accessible \u00e0 tous et de rassembler les habitants&nbsp;\u00e0 travers des \u00e9v\u00e9nements culturels&#8230;<\/p>\n","protected":false},"author":1,"featured_media":19152,"parent":0,"menu_order":0,"comment_status":"closed","ping_status":"closed","template":"","meta":[],"_links":{"self":[{"href":"https:\/\/maxeville.fr\/index.php\/wp-json\/wp\/v2\/pages\/17098"}],"collection":[{"href":"https:\/\/maxeville.fr\/index.php\/wp-json\/wp\/v2\/pages"}],"about":[{"href":"https:\/\/maxeville.fr\/index.php\/wp-json\/wp\/v2\/types\/page"}],"author":[{"embeddable":true,"href":"https:\/\/maxeville.fr\/index.php\/wp-json\/wp\/v2\/users\/1"}],"replies":[{"embeddable":true,"href":"https:\/\/maxeville.fr\/index.php\/wp-json\/wp\/v2\/comments?post=17098"}],"version-history":[{"count":11,"href":"https:\/\/maxeville.fr\/index.php\/wp-json\/wp\/v2\/pages\/17098\/revisions"}],"predecessor-version":[{"id":19167,"href":"https:\/\/maxeville.fr\/index.php\/wp-json\/wp\/v2\/pages\/17098\/revisions\/19167"}],"wp:featuredmedia":[{"embeddable":true,"href":"https:\/\/maxeville.fr\/index.php\/wp-json\/wp\/v2\/media\/19152"}],"wp:attachment":[{"href":"https:\/\/maxeville.fr\/index.php\/wp-json\/wp\/v2\/media?parent=17098"}],"curies":[{"name":"wp","href":"https:\/\/api.w.org\/{rel}","templated":true}]}}