{"id":17271,"date":"2025-01-06T11:55:00","date_gmt":"2025-01-06T10:55:00","guid":{"rendered":"https:\/\/maxeville.fr\/?page_id=17271"},"modified":"2025-01-06T11:57:27","modified_gmt":"2025-01-06T10:57:27","slug":"zone-a-faibles-emissions-zfe-m-metropole-du-grand-nancy","status":"publish","type":"page","link":"https:\/\/maxeville.fr\/index.php\/zone-a-faibles-emissions-zfe-m-metropole-du-grand-nancy\/","title":{"rendered":"Zone \u00e0 faibles \u00e9missions (ZFE-m) &#8211; M\u00e9tropole du Grand Nancy"},"content":{"rendered":"\n<p>\u00c0 partir du 1<sup>er<\/sup>&nbsp;janvier 2025, la loi impose \u00e0 la M\u00e9tropole du Grand Nancy de mettre en \u0153uvre une Zone \u00e0 Faibles \u00c9missions &#8211; mobilit\u00e9 (ZFE-m). Cette mesure, \u00e9labor\u00e9e dans le but d\u2019am\u00e9liorer la qualit\u00e9 de l&#8217;air et r\u00e9duire les \u00e9missions de polluants atmosph\u00e9riques, vise \u00e0 limiter l&#8217;acc\u00e8s des v\u00e9hicules les plus polluants au sein du territoire m\u00e9tropolitain.<\/p>\n\n\n\n<h2 class=\"wp-block-heading\"><mark style=\"background-color:#ffdc00\" class=\"has-inline-color\">La zone \u00e0 faibles \u00e9missions &#8211; Mobilit\u00e9 (ZFE-m), qu&#8217;est-ce que c&#8217;est ?<\/mark><\/h2>\n\n\n\n<p><strong>Une ZFE-m est un p\u00e9rim\u00e8tre au sein duquel la circulation est limit\u00e9e aux v\u00e9hicules les moins polluants.<\/strong><\/p>\n\n\n\n<p>Ce type de dispositif est d\u00e9j\u00e0 mis en place dans 250 villes ou agglom\u00e9rations en Europe, avec un effet reconnu sur la r\u00e9duction des \u00e9missions de polluants issus des transports. La ZFE-m est donc un outil efficace pour am\u00e9liorer la qualit\u00e9 de l\u2019air d\u2019un territoire, dans le but de pr\u00e9server la sant\u00e9 de ses habitants et usagers, notamment les plus vuln\u00e9rables (enfants, femmes enceintes, personnes \u00e2g\u00e9es, personnes pr\u00e9sentant certaines affections chroniques, riverains des axes routiers tr\u00e8s circulants, etc.).<\/p>\n\n\n\n<p>En France m\u00e9tropolitaine, 11 territoires confront\u00e9s \u00e0 des d\u00e9passements r\u00e9guliers des normes de qualit\u00e9 de l&#8217;air ont d\u00e9j\u00e0 instaur\u00e9 une ZFE-m. \u00c0 partir du 1er janvier 2025, la loi impose que 32 autres collectivit\u00e9s de plus de 150 000 habitants, dont la M\u00e9tropole du Grand Nancy, mettent en place une ZFE-m sur leur territoire.&nbsp;<\/p>\n\n\n\n<figure class=\"wp-block-image size-large is-resized\"><img decoding=\"async\" loading=\"lazy\" src=\"https:\/\/maxeville.fr\/wp-content\/uploads\/2025\/01\/ZFE-perimetre-1024x724.jpg\" alt=\"\" class=\"wp-image-17273\" width=\"1118\" height=\"790\" srcset=\"https:\/\/maxeville.fr\/wp-content\/uploads\/2025\/01\/ZFE-perimetre-1024x724.jpg 1024w, https:\/\/maxeville.fr\/wp-content\/uploads\/2025\/01\/ZFE-perimetre-300x212.jpg 300w, https:\/\/maxeville.fr\/wp-content\/uploads\/2025\/01\/ZFE-perimetre-768x543.jpg 768w, https:\/\/maxeville.fr\/wp-content\/uploads\/2025\/01\/ZFE-perimetre-1536x1086.jpg 1536w, https:\/\/maxeville.fr\/wp-content\/uploads\/2025\/01\/ZFE-perimetre-2048x1448.jpg 2048w, https:\/\/maxeville.fr\/wp-content\/uploads\/2025\/01\/ZFE-perimetre-973x688.jpg 973w, https:\/\/maxeville.fr\/wp-content\/uploads\/2025\/01\/ZFE-perimetre-508x359.jpg 508w, https:\/\/maxeville.fr\/wp-content\/uploads\/2025\/01\/ZFE-perimetre-24x17.jpg 24w, https:\/\/maxeville.fr\/wp-content\/uploads\/2025\/01\/ZFE-perimetre-36x25.jpg 36w, https:\/\/maxeville.fr\/wp-content\/uploads\/2025\/01\/ZFE-perimetre-48x34.jpg 48w\" sizes=\"(max-width: 1118px) 100vw, 1118px\" \/><\/figure>\n\n\n\n<figure class=\"wp-block-image size-large is-resized\"><img decoding=\"async\" loading=\"lazy\" src=\"https:\/\/maxeville.fr\/wp-content\/uploads\/2025\/01\/ZFE-professionnels-1024x724.jpg\" alt=\"\" class=\"wp-image-17275\" width=\"1123\" height=\"793\" srcset=\"https:\/\/maxeville.fr\/wp-content\/uploads\/2025\/01\/ZFE-professionnels-1024x724.jpg 1024w, https:\/\/maxeville.fr\/wp-content\/uploads\/2025\/01\/ZFE-professionnels-300x212.jpg 300w, https:\/\/maxeville.fr\/wp-content\/uploads\/2025\/01\/ZFE-professionnels-768x543.jpg 768w, https:\/\/maxeville.fr\/wp-content\/uploads\/2025\/01\/ZFE-professionnels-1536x1086.jpg 1536w, https:\/\/maxeville.fr\/wp-content\/uploads\/2025\/01\/ZFE-professionnels-2048x1448.jpg 2048w, https:\/\/maxeville.fr\/wp-content\/uploads\/2025\/01\/ZFE-professionnels-973x688.jpg 973w, https:\/\/maxeville.fr\/wp-content\/uploads\/2025\/01\/ZFE-professionnels-508x359.jpg 508w, https:\/\/maxeville.fr\/wp-content\/uploads\/2025\/01\/ZFE-professionnels-24x17.jpg 24w, https:\/\/maxeville.fr\/wp-content\/uploads\/2025\/01\/ZFE-professionnels-36x25.jpg 36w, https:\/\/maxeville.fr\/wp-content\/uploads\/2025\/01\/ZFE-professionnels-48x34.jpg 48w\" sizes=\"(max-width: 1123px) 100vw, 1123px\" \/><\/figure>\n\n\n\n<figure class=\"wp-block-image size-large is-resized\"><img decoding=\"async\" loading=\"lazy\" src=\"https:\/\/maxeville.fr\/wp-content\/uploads\/2025\/01\/ZFE-particuliers-1024x724.jpg\" alt=\"\" class=\"wp-image-17276\" width=\"1122\" height=\"793\" srcset=\"https:\/\/maxeville.fr\/wp-content\/uploads\/2025\/01\/ZFE-particuliers-1024x724.jpg 1024w, https:\/\/maxeville.fr\/wp-content\/uploads\/2025\/01\/ZFE-particuliers-300x212.jpg 300w, https:\/\/maxeville.fr\/wp-content\/uploads\/2025\/01\/ZFE-particuliers-768x543.jpg 768w, https:\/\/maxeville.fr\/wp-content\/uploads\/2025\/01\/ZFE-particuliers-1536x1086.jpg 1536w, https:\/\/maxeville.fr\/wp-content\/uploads\/2025\/01\/ZFE-particuliers-2048x1448.jpg 2048w, https:\/\/maxeville.fr\/wp-content\/uploads\/2025\/01\/ZFE-particuliers-973x688.jpg 973w, https:\/\/maxeville.fr\/wp-content\/uploads\/2025\/01\/ZFE-particuliers-508x359.jpg 508w, https:\/\/maxeville.fr\/wp-content\/uploads\/2025\/01\/ZFE-particuliers-24x17.jpg 24w, https:\/\/maxeville.fr\/wp-content\/uploads\/2025\/01\/ZFE-particuliers-36x25.jpg 36w, https:\/\/maxeville.fr\/wp-content\/uploads\/2025\/01\/ZFE-particuliers-48x34.jpg 48w\" sizes=\"(max-width: 1122px) 100vw, 1122px\" \/><\/figure>\n\n\n\n<h2 class=\"wp-block-heading\"><mark style=\"background-color:#ffdc00\" class=\"has-inline-color\">\u00c9tat de la qualit\u00e9 de l&#8217;air dans le Grand Nancy<\/mark><\/h2>\n\n\n\n<p><strong>Les polluants de l\u2019air ont de nombreux impacts sur la sant\u00e9 : ils peuvent provoquer ou aggraver des affections respiratoires, des allergies, des maladies cardio-vasculaires, des cancers ou encore des troubles cognitifs.<\/strong><\/p>\n\n\n\n<p>Les particules fines, par exemple, sont responsables de 40 000 d\u00e9c\u00e8s pr\u00e9matur\u00e9s par an en France (d\u2019apr\u00e8s Sant\u00e9 Publique France). Le trafic routier est une source importante de polluants de l\u2019air dangereux pour la sant\u00e9. Sur le territoire du Grand Nancy, il est notamment \u00e0 l\u2019origine de 80 % des \u00e9missions de dioxyde d\u2019azote et de 25 % des particules fines.<\/p>\n\n\n\n<p>Si les seuils r\u00e9glementaires de pollution sont globalement respect\u00e9s sur notre territoire, les concentrations de polluants restent sup\u00e9rieures aux niveaux recommand\u00e9s par l\u2019Organisation Mondiale de la Sant\u00e9.<\/p>\n\n\n\n<p><strong><mark style=\"background-color:rgba(0, 0, 0, 0);color:#d62323\" class=\"has-inline-color\">Plus de d\u00e9tails \u00e0 retrouver : <br><\/mark>> sur la <a rel=\"noreferrer noopener\" href=\"https:\/\/maxeville.fr\/wp-content\/uploads\/2025\/01\/Plaquette_ZFE_WEB.pdf\" data-type=\"URL\" data-id=\"https:\/\/maxeville.fr\/wp-content\/uploads\/2025\/01\/Plaquette_ZFE_WEB.pdf\" target=\"_blank\">plaquette de pr\u00e9sentation \u00e0 t\u00e9l\u00e9charger par ici<\/a><br>> ou directement sur le <a rel=\"noreferrer noopener\" href=\"https:\/\/www.grandnancy.eu\/vivre-habiter\/qualite-de-lair\/zone-a-faible-emission\" data-type=\"URL\" data-id=\"https:\/\/www.grandnancy.eu\/vivre-habiter\/qualite-de-lair\/zone-a-faible-emission\" target=\"_blank\">site de la M\u00e9tropole du Grand Nancy.<\/a><\/strong><\/p>\n<div style=\"padding-bottom:20px; padding-top:10px;\" class=\"hupso-share-buttons\"><!-- Hupso Share Buttons - https:\/\/www.hupso.com\/share\/ --><a class=\"hupso_toolbar\" href=\"https:\/\/www.hupso.com\/share\/\"><img src=\"https:\/\/static.hupso.com\/share\/buttons\/lang\/fr\/share-medium.png\" style=\"border:0px; padding-top: 5px; float:left;\" alt=\"Share Button\"\/><\/a><script type=\"text\/javascript\">var hupso_services_t=new Array();var hupso_background_t=\"#EAF4FF\";var hupso_border_t=\"#66CCFF\";var hupso_toolbar_size_t=\"medium\";var hupso_image_folder_url = \"\";var hupso_url_t=\"\";var hupso_title_t=\"Zone%20%C3%A0%20faibles%20%C3%A9missions%20%28ZFE-m%29%20-%20M%C3%A9tropole%20du%20Grand%20Nancy\";<\/script><script type=\"text\/javascript\" src=\"https:\/\/static.hupso.com\/share\/js\/share_toolbar.js\"><\/script><!-- Hupso Share Buttons --><\/div>","protected":false},"excerpt":{"rendered":"<p>\u00c0 partir du 1er&nbsp;janvier 2025, la loi impose \u00e0 la M\u00e9tropole du Grand Nancy de mettre en \u0153uvre une Zone \u00e0 Faibles \u00c9missions &#8211; mobilit\u00e9 (ZFE-m). Cette mesure,&#8230;<\/p>\n","protected":false},"author":1,"featured_media":17272,"parent":0,"menu_order":0,"comment_status":"closed","ping_status":"closed","template":"","meta":[],"_links":{"self":[{"href":"https:\/\/maxeville.fr\/index.php\/wp-json\/wp\/v2\/pages\/17271"}],"collection":[{"href":"https:\/\/maxeville.fr\/index.php\/wp-json\/wp\/v2\/pages"}],"about":[{"href":"https:\/\/maxeville.fr\/index.php\/wp-json\/wp\/v2\/types\/page"}],"author":[{"embeddable":true,"href":"https:\/\/maxeville.fr\/index.php\/wp-json\/wp\/v2\/users\/1"}],"replies":[{"embeddable":true,"href":"https:\/\/maxeville.fr\/index.php\/wp-json\/wp\/v2\/comments?post=17271"}],"version-history":[{"count":6,"href":"https:\/\/maxeville.fr\/index.php\/wp-json\/wp\/v2\/pages\/17271\/revisions"}],"predecessor-version":[{"id":17283,"href":"https:\/\/maxeville.fr\/index.php\/wp-json\/wp\/v2\/pages\/17271\/revisions\/17283"}],"wp:featuredmedia":[{"embeddable":true,"href":"https:\/\/maxeville.fr\/index.php\/wp-json\/wp\/v2\/media\/17272"}],"wp:attachment":[{"href":"https:\/\/maxeville.fr\/index.php\/wp-json\/wp\/v2\/media?parent=17271"}],"curies":[{"name":"wp","href":"https:\/\/api.w.org\/{rel}","templated":true}]}}