{"id":362,"date":"2016-04-06T12:44:50","date_gmt":"2016-04-06T14:44:50","guid":{"rendered":"http:\/\/www.maxeville.fr\/?page_id=362"},"modified":"2025-03-19T09:41:33","modified_gmt":"2025-03-19T08:41:33","slug":"ecoles","status":"publish","type":"page","link":"https:\/\/maxeville.fr\/index.php\/ma-famille\/ecoles\/","title":{"rendered":"\u00c9coles"},"content":{"rendered":"<p>Le territoire de Max\u00e9ville compte 7 \u00e9coles r\u00e9parties sur tout le territoire :<br \/>\n4 \u00e9coles maternelles et 3 \u00e9coles \u00e9l\u00e9mentaires.<\/p>\n<p>Pour consulter les dates de vacances scolaires, veuillez vous rendre sur le <a href=\"http:\/\/www.education.gouv.fr\/pid25058\/le-calendrier-scolaire.html\" target=\"_blank\" rel=\"noopener noreferrer\">site de l\u2019\u00c9ducation Nationale<\/a>.<\/p>\n<p>Emplois du temps des diff\u00e9rentes \u00e9coles : <a href=\"https:\/\/maxeville.fr\/wp-content\/uploads\/2024\/08\/Emploi-du-temps-scolaire.pdf\" target=\"_blank\" rel=\"noopener\">par ici.<\/a><\/p>\n<h5>\u00c9coles maternelles<\/h5>\n<div>\n<ul>\n<li><strong>\u00c9cole maternelle Andr\u00e9 Vautrin<\/strong><br \/>\n03 83 35 40 70 &#8211; 32 rue du 15 Septembre 1944<\/li>\n<li><strong>\u00c9cole maternelle Moselly<\/strong><br \/>\n03 83 97 11 75 &#8211; Les Aulnes<\/li>\n<li><strong>\u00c9cole maternelle Saint Exup\u00e9ry<\/strong><br \/>\n03 83 98 71 62 &#8211; 5 rue de la Chiers \u00e0 Champ-le-B\u0153uf<\/li>\n<li><strong>\u00c9cole maternelle Jules Romains<\/strong><br \/>\n03 83 96 32 76 &#8211; rue du Br\u00e9non\u00a0\u00e0 Champ-le-B\u0153uf<\/li>\n<\/ul>\n<h5>\u00c9coles \u00e9l\u00e9mentaires<\/h5>\n<ul>\n<li><strong>\u00c9cole \u00e9l\u00e9mentaire Andr\u00e9 Vautrin<\/strong><br \/>\n03 83 35 32 14 &#8211; 2 rue Courbet<br \/>\n<a href=\"https:\/\/oneconnect.opendigitaleducation.com\/blog\/pub\/ecole-elementaire-dapplication-andre-vautrin#\/detail\/83c3399f-b5da-429a-b15b-9ced683962af\/3d6f8699-2915-4dd7-8953-dcbe00551534\" target=\"_blank\" rel=\"noopener noreferrer\">site de l&#8217;\u00e9cole \u00e9l\u00e9mentaire\u00a0Andr\u00e9 Vautrin<\/a><\/li>\n<li><strong>\u00c9cole \u00e9l\u00e9mentaire Jules Romains<\/strong><br \/>\n03 83 96 30 54 &#8211; rue du Br\u00e9non\u00a0\u00e0\u00a0Champ-Le-Boeuf<\/li>\n<li><strong>\u00c9cole \u00e9l\u00e9mentaire Saint-Exup\u00e9ry<\/strong><br \/>\n03 83 96 13 72 &#8211; 5 rue de la Chiers\u00a0\u00e0\u00a0Champ-Le-Boeuf<\/li>\n<\/ul>\n<\/div>\n<h5>S\u00e9curit\u00e9 des enfants<\/h5>\n<p>Afin d\u2019assurer une plus grande s\u00e9curit\u00e9, il est imp\u00e9ratif que les parents d\u2019\u00e9l\u00e8ves accompagnent leurs enfants jusqu\u2019\u00e0 la salle de garderie du matin et pour les enfants de maternelles les confier \u00e0 un adulte.\u00a0Pour la s\u00e9curit\u00e9 de vos enfants, merci de respecter le stationnement aux abords des \u00e9coles.<\/p>\n<h5>D\u00e9rogation et inscriptions scolaires<\/h5>\n<p><a href=\"https:\/\/maxeville.fr\/wp-content\/uploads\/2025\/03\/FORMULAIRE-DE-PREINSCRIPTION-1-1.pdf\" target=\"_blank\" rel=\"noopener\">Rentr\u00e9e Scolaire<\/a><\/p>\n<p>Demande de d\u00e9rogation au p\u00e9rim\u00e8tre scolaire pour les non-max\u00e9villois.<br \/>\n<a href=\"https:\/\/maxeville.fr\/wp-content\/uploads\/2022\/04\/formulaire-de-derogation.pdf\" target=\"_blank\" rel=\"noopener\">Formulaire de d\u00e9rogation<\/a><\/p>\n<p>Pour toute question relative \u00e0 la scolarit\u00e9 de vos enfants, le Service \u00c9ducation<br \/>\nest \u00e0 votre disposition en Mairie ou au 03 83 32 30 00.<\/p>\n<h5>P\u00e9riscolaire<\/h5>\n<p>Les parents sont invit\u00e9s \u00e0 renvoyer leur formulaire d\u2019inscription par mail \u00e0 l\u2019adresse : <strong><em>periscolaire@mairie-maxeville.fr<\/em><\/strong><\/p>\n<p>&gt;\u00a0R\u00e8glement 2023-2024<\/p>\n<p><strong>Plus de renseignements :<\/strong><br \/>\nService p\u00e9ri et extra scolaire<br \/>\n03 83 32 30 00<\/p>\n<div style=\"padding-bottom:20px; padding-top:10px;\" class=\"hupso-share-buttons\"><!-- Hupso Share Buttons - https:\/\/www.hupso.com\/share\/ --><a class=\"hupso_toolbar\" href=\"https:\/\/www.hupso.com\/share\/\"><img src=\"https:\/\/static.hupso.com\/share\/buttons\/lang\/fr\/share-medium.png\" style=\"border:0px; padding-top: 5px; float:left;\" alt=\"Share Button\"\/><\/a><script type=\"text\/javascript\">var hupso_services_t=new Array();var hupso_background_t=\"#EAF4FF\";var hupso_border_t=\"#66CCFF\";var hupso_toolbar_size_t=\"medium\";var hupso_image_folder_url = \"\";var hupso_url_t=\"\";var hupso_title_t=\"%C3%89coles\";<\/script><script type=\"text\/javascript\" src=\"https:\/\/static.hupso.com\/share\/js\/share_toolbar.js\"><\/script><!-- Hupso Share Buttons --><\/div>","protected":false},"excerpt":{"rendered":"<p>Le territoire de Max\u00e9ville compte 7 \u00e9coles r\u00e9parties sur tout le territoire : 4 \u00e9coles maternelles et 3 \u00e9coles \u00e9l\u00e9mentaires. Pour consulter les dates de vacances scolaires, veuillez&#8230;<\/p>\n","protected":false},"author":1,"featured_media":0,"parent":341,"menu_order":7,"comment_status":"closed","ping_status":"closed","template":"","meta":[],"_links":{"self":[{"href":"https:\/\/maxeville.fr\/index.php\/wp-json\/wp\/v2\/pages\/362"}],"collection":[{"href":"https:\/\/maxeville.fr\/index.php\/wp-json\/wp\/v2\/pages"}],"about":[{"href":"https:\/\/maxeville.fr\/index.php\/wp-json\/wp\/v2\/types\/page"}],"author":[{"embeddable":true,"href":"https:\/\/maxeville.fr\/index.php\/wp-json\/wp\/v2\/users\/1"}],"replies":[{"embeddable":true,"href":"https:\/\/maxeville.fr\/index.php\/wp-json\/wp\/v2\/comments?post=362"}],"version-history":[{"count":41,"href":"https:\/\/maxeville.fr\/index.php\/wp-json\/wp\/v2\/pages\/362\/revisions"}],"predecessor-version":[{"id":17702,"href":"https:\/\/maxeville.fr\/index.php\/wp-json\/wp\/v2\/pages\/362\/revisions\/17702"}],"up":[{"embeddable":true,"href":"https:\/\/maxeville.fr\/index.php\/wp-json\/wp\/v2\/pages\/341"}],"wp:attachment":[{"href":"https:\/\/maxeville.fr\/index.php\/wp-json\/wp\/v2\/media?parent=362"}],"curies":[{"name":"wp","href":"https:\/\/api.w.org\/{rel}","templated":true}]}}