{"id":368,"date":"2016-04-06T12:45:38","date_gmt":"2016-04-06T14:45:38","guid":{"rendered":"http:\/\/www.maxeville.fr\/?page_id=368"},"modified":"2026-03-27T16:07:04","modified_gmt":"2026-03-27T15:07:04","slug":"aprem","status":"publish","type":"page","link":"https:\/\/maxeville.fr\/index.php\/ma-famille\/aprem\/","title":{"rendered":"A.P.R.E.M"},"content":{"rendered":"\n<p>La Ville de Max\u00e9ville propose depuis la rentr\u00e9e de septembre 2014 des activit\u00e9s p\u00e9riscolaires \u00e0 tous ses \u00e9coliers de 3 \u00e0 11 ans.<\/p>\n\n\n\n<p class=\"has-text-align-center\"><strong>Depuis la rentr\u00e9e 2023-24, ces Activit\u00e9s P\u00e9riscolaires (NAP) ont \u00e9volu\u00e9 et sont devenues les A.P.R.E.M<br><\/strong><em>Activit\u00e9s P\u00e9dagogiques R\u00e9cr\u00e9atives \u00c9ducatives <\/em><em>de Max\u00e9ville&nbsp;<\/em><strong><br><\/strong><\/p>\n\n\n\n<h3 class=\"wp-block-heading\">&#8220;Gratuit\u00e9, ouverture d&#8217;esprit, \u00e9quit\u00e9&#8221;<\/h3>\n\n\n\n<p>Dans un souci d&#8217;\u00e9quit\u00e9, la municipalit\u00e9 a choisi de proposer ces activit\u00e9s gratuites.<br>Ainsi, l&#8217;objectif est d&#8217;offrir le choix de pratiquer un large panel d&#8217;activit\u00e9s, \u00e0 tous les \u00e9l\u00e8ves scolaris\u00e9s.<\/p>\n\n\n\n<h3 class=\"wp-block-heading\">Les activit\u00e9s<\/h3>\n\n\n\n<p>Jusqu&#8217;\u00e0 6 heures hebdomadaires sont consacr\u00e9es \u00e0 ces APREM durant lesquelles les enfants peuvent d\u00e9couvrir des activit\u00e9s ludiques qui prolongent les programmes scolaires.<\/p>\n\n\n\n<hr class=\"wp-block-separator has-alpha-channel-opacity\"\/>\n\n\n\n<p>&nbsp;<\/p>\n\n\n\n<p><strong><mark style=\"background-color:#e5ff38\" class=\"has-inline-color\">Pour toute demande concernant les activit\u00e9s p\u00e9riscolaires ou \u00e9ducatives, merci de bien vouloir compl\u00e9ter notre formulaire officiel via le lien <\/mark>:<\/strong><a rel=\"noreferrer noopener\" href=\"https:\/\/docs.google.com\/forms\/d\/e\/1FAIpQLSc7FuH6Ws7QQBSqCHJdueK6RiIMxXFubsemNXy4V4w6Rl17lA\/viewform?usp=header\" target=\"_blank\"> <strong>PAR ICI<\/strong><\/a><\/p>\n\n\n\n<p><em><strong>Note importante :<\/strong>&nbsp;Apr\u00e8s \u00e9tude de votre demande par nos services, une r\u00e9ponse officielle vous sera adress\u00e9e directement&nbsp;<\/em><strong>par e-mail<\/strong>.<\/p>\n\n\n\n<hr class=\"wp-block-separator has-alpha-channel-opacity\"\/>\n\n\n\n<div class=\"wp-block-columns is-layout-flex wp-container-2\">\n<div class=\"wp-block-column is-layout-flow\">\n<h2 class=\"wp-block-heading\"><mark style=\"background-color:rgba(0, 0, 0, 0);color:#f60000\" class=\"has-inline-color\">Rentr\u00e9e 2025-2026<\/mark><\/h2>\n\n\n\n<p><strong><a rel=\"noreferrer noopener\" href=\"https:\/\/maxeville.fr\/wp-content\/uploads\/2025\/08\/liste-activites-APREM-Vautrin.pdf\" data-type=\"URL\" data-id=\"https:\/\/maxeville.fr\/wp-content\/uploads\/2025\/08\/liste-activites-APREM-Vautrin.pdf\" target=\"_blank\">Liste des activit\u00e9s | groupe scolaire Andr\u00e9 Vautrin<\/a><\/strong><\/p>\n\n\n\n<p><a rel=\"noreferrer noopener\" href=\"https:\/\/maxeville.fr\/wp-content\/uploads\/2025\/08\/liste-activites-APREM-JR.pdf\" data-type=\"URL\" data-id=\"https:\/\/maxeville.fr\/wp-content\/uploads\/2025\/08\/liste-activites-APREM-JR.pdf\" target=\"_blank\"><strong>Liste des activit\u00e9s | groupe scolaire Jules Romains<\/strong><\/a><\/p>\n\n\n\n<p><strong><a href=\"https:\/\/maxeville.fr\/wp-content\/uploads\/2025\/08\/liste-activites-APREM-St-Ex.pdf\" data-type=\"URL\" data-id=\"https:\/\/maxeville.fr\/wp-content\/uploads\/2025\/08\/liste-activites-APREM-St-Ex.pdf\" target=\"_blank\" rel=\"noreferrer noopener\">Liste des activit\u00e9s | groupe scolaire Saint Exup\u00e9ry<\/a><\/strong><\/p>\n<\/div>\n<\/div>\n\n\n\n<p><\/p>\n\n\n\n<div class=\"wp-block-columns is-layout-flex wp-container-5\">\n<div class=\"wp-block-column is-layout-flow\">\n<p><\/p>\n<\/div>\n\n\n\n<div class=\"wp-block-column is-layout-flow\">\n<p><\/p>\n<\/div>\n<\/div>\n\n\n\n<p><\/p>\n\n\n\n<p><\/p>\n\n\n\n<hr class=\"wp-block-separator alignfull has-css-opacity\"\/>\n\n\n\n<p class=\"has-normal-font-size\"><mark style=\"background-color:#ffdc00\" class=\"has-inline-color\"><strong>Les inscriptions se font exclusivement sur le\u00a0<a rel=\"noreferrer noopener\" href=\"https:\/\/portalssl.agoraplus.fr\/maxeville\/pck_home.home_view#\/\" target=\"_blank\">portail famille.<\/a><\/strong><\/mark><\/p>\n\n\n\n<p><a rel=\"noreferrer noopener\" href=\"https:\/\/maxeville.fr\/wp-content\/uploads\/2025\/01\/Reglement-de-Fonctionnement-2025.pdf\" data-type=\"URL\" data-id=\"https:\/\/maxeville.fr\/wp-content\/uploads\/2025\/01\/Reglement-de-Fonctionnement-2025.pdf\" target=\"_blank\">&gt; R\u00e8glement 2024-2025<\/a><br><a href=\"https:\/\/maxeville.fr\/wp-content\/uploads\/2025\/05\/Reglement-Max-Anim-Extrascolaire.pdf\" data-type=\"URL\" data-id=\"https:\/\/maxeville.fr\/wp-content\/uploads\/2025\/05\/Reglement-Max-Anim-Extrascolaire.pdf\" target=\"_blank\" rel=\"noreferrer noopener\">&gt; R\u00e8glement 2025-2026<\/a><\/p>\n\n\n\n<p><a rel=\"noreferrer noopener\" href=\"https:\/\/maxeville.fr\/wp-content\/uploads\/2024\/05\/Charte-du-comportement-2024.pdf\" target=\"_blank\">A.P.R.E.M : charte du comportement 2024-2025 | ville de Max\u00e9ville<\/a><br><a href=\"https:\/\/maxeville.fr\/wp-content\/uploads\/2025\/05\/Charte-du-comportement-2025-26.pdf\" data-type=\"URL\" data-id=\"https:\/\/maxeville.fr\/wp-content\/uploads\/2025\/05\/Charte-du-comportement-2025-26.pdf\" target=\"_blank\" rel=\"noreferrer noopener\">A.P.R.E.M : charte du comportement 2025-2026 | ville de Max\u00e9ville<\/a><\/p>\n\n\n\n<p><strong>Plus de renseignements : <\/strong>\nService p\u00e9ri et extra scolaire &#8211; 03 83 32 30 00 &#8211; <strong><em>periscolaire@mairie-maxeville.fr<\/em><\/strong><\/p>\n<div style=\"padding-bottom:20px; padding-top:10px;\" class=\"hupso-share-buttons\"><!-- Hupso Share Buttons - https:\/\/www.hupso.com\/share\/ --><a class=\"hupso_toolbar\" href=\"https:\/\/www.hupso.com\/share\/\"><img src=\"https:\/\/static.hupso.com\/share\/buttons\/lang\/fr\/share-medium.png\" style=\"border:0px; padding-top: 5px; float:left;\" alt=\"Share Button\"\/><\/a><script type=\"text\/javascript\">var hupso_services_t=new Array();var hupso_background_t=\"#EAF4FF\";var hupso_border_t=\"#66CCFF\";var hupso_toolbar_size_t=\"medium\";var hupso_image_folder_url = \"\";var hupso_url_t=\"\";var hupso_title_t=\"A.P.R.E.M\";<\/script><script type=\"text\/javascript\" src=\"https:\/\/static.hupso.com\/share\/js\/share_toolbar.js\"><\/script><!-- Hupso Share Buttons --><\/div>","protected":false},"excerpt":{"rendered":"<p>La Ville de Max\u00e9ville propose depuis la rentr\u00e9e de septembre 2014 des activit\u00e9s p\u00e9riscolaires \u00e0 tous ses \u00e9coliers de 3 \u00e0 11 ans. Depuis la rentr\u00e9e 2023-24, ces&#8230;<\/p>\n","protected":false},"author":1,"featured_media":16574,"parent":341,"menu_order":9,"comment_status":"closed","ping_status":"closed","template":"","meta":[],"_links":{"self":[{"href":"https:\/\/maxeville.fr\/index.php\/wp-json\/wp\/v2\/pages\/368"}],"collection":[{"href":"https:\/\/maxeville.fr\/index.php\/wp-json\/wp\/v2\/pages"}],"about":[{"href":"https:\/\/maxeville.fr\/index.php\/wp-json\/wp\/v2\/types\/page"}],"author":[{"embeddable":true,"href":"https:\/\/maxeville.fr\/index.php\/wp-json\/wp\/v2\/users\/1"}],"replies":[{"embeddable":true,"href":"https:\/\/maxeville.fr\/index.php\/wp-json\/wp\/v2\/comments?post=368"}],"version-history":[{"count":43,"href":"https:\/\/maxeville.fr\/index.php\/wp-json\/wp\/v2\/pages\/368\/revisions"}],"predecessor-version":[{"id":19362,"href":"https:\/\/maxeville.fr\/index.php\/wp-json\/wp\/v2\/pages\/368\/revisions\/19362"}],"up":[{"embeddable":true,"href":"https:\/\/maxeville.fr\/index.php\/wp-json\/wp\/v2\/pages\/341"}],"wp:featuredmedia":[{"embeddable":true,"href":"https:\/\/maxeville.fr\/index.php\/wp-json\/wp\/v2\/media\/16574"}],"wp:attachment":[{"href":"https:\/\/maxeville.fr\/index.php\/wp-json\/wp\/v2\/media?parent=368"}],"curies":[{"name":"wp","href":"https:\/\/api.w.org\/{rel}","templated":true}]}}