{"id":987,"date":"2016-09-15T14:34:01","date_gmt":"2016-09-15T12:34:01","guid":{"rendered":"http:\/\/www.maxeville.fr\/?page_id=987"},"modified":"2023-07-17T11:41:18","modified_gmt":"2023-07-17T09:41:18","slug":"maison-du-lien-et-de-la-solidarite","status":"publish","type":"page","link":"https:\/\/maxeville.fr\/index.php\/ma-famille\/maison-du-lien-et-de-la-solidarite\/","title":{"rendered":"Maison du Lien et de la Solidarit\u00e9"},"content":{"rendered":"<hr \/>\n<p><em>En mati\u00e8re d\u2019action sociale et de solidarit\u00e9, la Municipalit\u00e9 a le devoir d\u2019\u00eatre tout \u00e0 la fois au plus pr\u00e8s de la population et le plus efficace pour elle. C\u2019est une des ambitions de <strong>la Maison du Lien et de la Solidarit\u00e9<\/strong>. Rassembler, mettre en synergie, augmenter et mutualiser les moyens, partager des r\u00e8gles communes d\u2019actions avec les partenaires (Conseil D\u00e9partemental, CAF, associations), faciliter les relations avec les Max\u00e9villois, voil\u00e0 le sens de ce projet.<\/em><\/p>\n<p><strong>La Maison du Lien et de la Solidarit\u00e9<\/strong>, premier point d\u2019accueil social, propose un service \u00e9tendu \u00e0 l\u2019ensemble de la population de la commune, elle facilite et simplifie les d\u00e9marches par sa proximit\u00e9, elle concentre en un m\u00eame lieu des professionnels et des pratiques sociales et m\u00e9dico-sociales.<\/p>\n<p><strong>C\u2019est encore la possibilit\u00e9 d\u2019\u00eatre accompagn\u00e9 dans des actions de pr\u00e9vention, de d\u00e9velopper un projet afin de retrouver une autonomie indispensable. Ainsi, chaque max\u00e9villois b\u00e9n\u00e9ficiera d\u2019un accompagnement global\/transversal dans un lieu unique.<\/strong><\/p>\n<h5>Quels services trouve-t-on dans cette Maison ?<\/h5>\n<p>Ouverte \u00e0 tous, quelque soit votre \u00e2ge ou votre situation, la maison de solidarit\u00e9 peut vous aider. Vous y trouverez des professionnels pour vous accueillir, r\u00e9pondre \u00e0 vos interrogations et trouver la r\u00e9ponse la plus adapt\u00e9e.<\/p>\n<h3>Un accueil individualis\u00e9<\/h3>\n<p>L\u2019accueil est la premi\u00e8re mission de la maison de solidarit\u00e9. Il permet une \u00e9coute attentive de votre demande et une aide \u00e0 l\u2019acc\u00e8s aux droits, \u00e0 l\u2019information dans de nombreux aspects de votre vie quotidienne.<br \/>\nSelon votre situation, vous disposerez :<br \/>\n&#8211; d\u2019une r\u00e9ponse imm\u00e9diate<br \/>\n&#8211; d\u2019une orientation vers les services et dispositifs sociaux<br \/>\n&#8211; d\u2019une proposition d\u2019accompagnement social<\/p>\n<h3>La Maison du Lien et de la Solidarit\u00e9 accueille :<\/h3>\n<p>&#8211;\u00a0 <a href=\"https:\/\/maxeville.fr\/index.php\/ma-famille\/ccas\/\">le C.C.A.S<\/a> avec la cr\u00e9ation d\u2019une offre compl\u00e9mentaire d\u2019ateliers sociaux (cuisine, gestion budg\u00e9taire, d\u00e9penses \u00e9nerg\u00e9tique\u2026),<br \/>\n&gt; le service logement ;<br \/>\n&gt; le service emploi et d\u00e9veloppement \u00e9conomique ;<br \/>\n&gt; le service sant\u00e9-handicap ;<br \/>\n&gt; le service seniors ;<br \/>\n&gt; le service Petite Enfance &#8211; Parentalit\u00e9<br \/>\n&gt; le service M\u00e9diation sociale.<\/p>\n<p><strong>La Maison du Lien et de la Solidarit\u00e9<\/strong> permet \u00e9galement un travail en collaboration avec les partenaires locaux, notamment le Conseil D\u00e9partemental, la CAF, la Maison de l\u2019Emploi,\u2026 pour r\u00e9pondre aux questions, aux besoins de la population :<br \/>\n&#8211; des permanences du Conseil D\u00e9partemental : assistantes sociales, Conseill\u00e8res en Economie Sociale et Familiale (C.E.S.F) et service de Protection Maternelle et Infantile (P.M.I). A cet effet, une charte de partenariat pour une coordination de qualit\u00e9, d\u00e9lib\u00e9r\u00e9e en conseil municipal du 24 juin 2016, instituant un v\u00e9ritable sch\u00e9ma de service a \u00e9t\u00e9 mise en \u0153uvre entre la Ville de Max\u00e9ville et le Conseil D\u00e9partemental de Meurthe-et-Moselle,<br \/>\n&#8211; des permanences d\u2019un \u00e9crivain public.<br \/>\n&#8211; en cours de r\u00e9flexion des permanences de la C.A.F ou de la C.P.A.M.<\/p>\n<hr \/>\n<p><strong>\u00c0 Max\u00e9ville<br \/>\n<\/strong>\u00a01 rue de la r\u00e9publique, 54320 Max\u00e9ville<br \/>\nt\u00e9l : 03 57 80 06 96 &#8211;<em> ou encore via le standard de la Mairie de Max\u00e9ville : 03 83 32 30 00<\/em><\/p>\n<div style=\"padding-bottom:20px; padding-top:10px;\" class=\"hupso-share-buttons\"><!-- Hupso Share Buttons - https:\/\/www.hupso.com\/share\/ --><a class=\"hupso_toolbar\" href=\"https:\/\/www.hupso.com\/share\/\"><img src=\"https:\/\/static.hupso.com\/share\/buttons\/lang\/fr\/share-medium.png\" style=\"border:0px; padding-top: 5px; float:left;\" alt=\"Share Button\"\/><\/a><script type=\"text\/javascript\">var hupso_services_t=new Array();var hupso_background_t=\"#EAF4FF\";var hupso_border_t=\"#66CCFF\";var hupso_toolbar_size_t=\"medium\";var hupso_image_folder_url = \"\";var hupso_url_t=\"\";var hupso_title_t=\"Maison%20du%20Lien%20et%20de%20la%20Solidarit%C3%A9\";<\/script><script type=\"text\/javascript\" src=\"https:\/\/static.hupso.com\/share\/js\/share_toolbar.js\"><\/script><!-- Hupso Share Buttons --><\/div>","protected":false},"excerpt":{"rendered":"<p>En mati\u00e8re d\u2019action sociale et de solidarit\u00e9, la Municipalit\u00e9 a le devoir d\u2019\u00eatre tout \u00e0 la fois au plus pr\u00e8s de la population et le plus efficace pour&#8230;<\/p>\n","protected":false},"author":1,"featured_media":12893,"parent":341,"menu_order":26,"comment_status":"closed","ping_status":"closed","template":"","meta":[],"_links":{"self":[{"href":"https:\/\/maxeville.fr\/index.php\/wp-json\/wp\/v2\/pages\/987"}],"collection":[{"href":"https:\/\/maxeville.fr\/index.php\/wp-json\/wp\/v2\/pages"}],"about":[{"href":"https:\/\/maxeville.fr\/index.php\/wp-json\/wp\/v2\/types\/page"}],"author":[{"embeddable":true,"href":"https:\/\/maxeville.fr\/index.php\/wp-json\/wp\/v2\/users\/1"}],"replies":[{"embeddable":true,"href":"https:\/\/maxeville.fr\/index.php\/wp-json\/wp\/v2\/comments?post=987"}],"version-history":[{"count":29,"href":"https:\/\/maxeville.fr\/index.php\/wp-json\/wp\/v2\/pages\/987\/revisions"}],"predecessor-version":[{"id":14372,"href":"https:\/\/maxeville.fr\/index.php\/wp-json\/wp\/v2\/pages\/987\/revisions\/14372"}],"up":[{"embeddable":true,"href":"https:\/\/maxeville.fr\/index.php\/wp-json\/wp\/v2\/pages\/341"}],"wp:featuredmedia":[{"embeddable":true,"href":"https:\/\/maxeville.fr\/index.php\/wp-json\/wp\/v2\/media\/12893"}],"wp:attachment":[{"href":"https:\/\/maxeville.fr\/index.php\/wp-json\/wp\/v2\/media?parent=987"}],"curies":[{"name":"wp","href":"https:\/\/api.w.org\/{rel}","templated":true}]}}